{"id":2373,"date":"2021-05-27T19:15:41","date_gmt":"2021-05-27T18:15:41","guid":{"rendered":"https:\/\/wp.haffner.eu\/?page_id=2373"},"modified":"2022-02-02T17:31:32","modified_gmt":"2022-02-02T16:31:32","slug":"politica-de-privacidad-datenschutzpolitik","status":"publish","type":"page","link":"https:\/\/haffner.eu\/index.php\/politica-de-privacidad-datenschutzpolitik\/","title":{"rendered":"Pol\u00edtica de privacidad-Datenschutzpolitik"},"content":{"rendered":"<div class=\"fusion-fullwidth fullwidth-box fusion-builder-row-1 fusion-flex-container nonhundred-percent-fullwidth non-hundred-percent-height-scrolling\" style=\"--awb-border-radius-top-left:0px;--awb-border-radius-top-right:0px;--awb-border-radius-bottom-right:0px;--awb-border-radius-bottom-left:0px;--awb-background-color:#ffbb56;--awb-flex-wrap:wrap;\" ><div class=\"fusion-builder-row fusion-row fusion-flex-align-items-flex-start fusion-flex-content-wrap\" style=\"max-width:1144px;margin-left: calc(-4% \/ 2 );margin-right: calc(-4% \/ 2 );\"><div class=\"fusion-layout-column fusion_builder_column fusion-builder-column-0 fusion_builder_column_1_2 1_2 fusion-flex-column\" style=\"--awb-bg-size:cover;--awb-width-large:50%;--awb-margin-top-large:60px;--awb-spacing-right-large:3.84%;--awb-margin-bottom-large:20px;--awb-spacing-left-large:3.84%;--awb-width-medium:100%;--awb-order-medium:0;--awb-spacing-right-medium:1.92%;--awb-spacing-left-medium:1.92%;--awb-width-small:100%;--awb-order-small:0;--awb-spacing-right-small:1.92%;--awb-spacing-left-small:1.92%;\"><div class=\"fusion-column-wrapper fusion-column-has-shadow fusion-flex-justify-content-flex-start fusion-content-layout-column\"><div class=\"fusion-text fusion-text-1\"><p><strong>POL\u00cdTICA DE PRIVACIDAD<\/strong><\/p>\n<p><strong>\u201cSUS DATOS SEGUROS\u201d<\/strong><\/p>\n<h3>Informaci\u00f3n en cumplimiento de la normativa de protecci\u00f3n de datos personales<\/h3>\n<p>En Europa y en Espa\u00f1a existen normas de protecci\u00f3n de datos pensadas para proteger su informaci\u00f3n personal de obligado cumplimiento para nuestra entidad.<\/p>\n<p>Por ello, es muy importante para nosotros que entienda perfectamente qu\u00e9 vamos a hacer con los datos personales que le pedimos.<\/p>\n<p>As\u00ed, seremos transparentes y le daremos el control de sus datos, con un lenguaje sencillo y opciones claras que le permitir\u00e1n decidir qu\u00e9 haremos con su informaci\u00f3n personal.<\/p>\n<p>Por favor, si una vez le\u00edda la presente informaci\u00f3n le queda alguna duda, no dude en preguntarnos.<\/p>\n<p>Muchas gracias por su colaboraci\u00f3n.<\/p>\n<ul>\n<li><strong>\u00bf<\/strong><strong>Qui\u00e9nes somos?<\/strong><\/li>\n<li>Nuestra denominaci\u00f3n: <strong>FEWO HAFFNER, S.L.<\/strong><\/li>\n<li>Nuestro CIF \/ NIF: <strong>B76343870<\/strong><\/li>\n<li>Nuestra actividad principal:<strong> Explotaci\u00f3n tur\u00edstica.<\/strong><\/li>\n<li>Nuestra direcci\u00f3n: <strong>C\/ ROMA, N\u00ba16, CP 35100, SAN BARTOLOM\u00c9 DE TIRAJANA (Las Palmas)<\/strong><\/li>\n<li>Nuestro tel\u00e9fono de contacto: <strong>928 77 26 92<\/strong><\/li>\n<li>Nuestra direcci\u00f3n de correo electr\u00f3nico de contacto: <strong>info@haffner.eu<\/strong><\/li>\n<li>Nuestra p\u00e1gina web: <strong>haffner.eu<\/strong><\/li>\n<li>Para su confianza y seguridad, le informamos que somos una entidad inscrita en el Registro Mercantil de Las Palmas, tomo 2215, folio 11, inscripci\u00f3n 1\u00aa, hoja GC-55460<\/li>\n<\/ul>\n<p>Estamos a su disposici\u00f3n, no dude en contactar con nosotros.<\/p>\n<ul>\n<li><strong>\u00bfPara qu\u00e9 vamos a usar sus datos?<\/strong><\/li>\n<\/ul>\n<p>Con car\u00e1cter general, sus datos personales ser\u00e1n usados para poder relacionarnos con usted y poder prestarle nuestros servicios.<\/p>\n<p>Asimismo, tambi\u00e9n pueden ser usados para otras actividades, como enviarle publicidad o promocionar nuestras actividades.<\/p>\n<ul>\n<li><strong>\u00bfPor qu\u00e9 necesitamos usar sus datos?<\/strong><\/li>\n<\/ul>\n<p>Sus datos personales son necesarios para poder relacionarnos con usted y poder prestarle nuestros servicios. En este sentido, pondremos a su disposici\u00f3n<span style=\"color: #000000;\"> una serie de casillas que le permitir\u00e1n decidir de manera clara y sencilla sobre el uso de su informaci\u00f3n personal.<\/span><\/p>\n<ul>\n<li><strong>\u00bfQui\u00e9n va a conocer la informaci\u00f3n que le pedimos?<\/strong><\/li>\n<\/ul>\n<p>Con car\u00e1cter general, s\u00f3lo el personal de nuestra entidad que est\u00e9 debidamente autorizado podr\u00e1 tener conocimiento de la informaci\u00f3n que le pedimos.<\/p>\n<p>De igual modo, podr\u00e1n tener conocimiento de su informaci\u00f3n personal aquellas entidades que necesiten tener acceso a la misma para que podamos prestarle nuestros servicios. As\u00ed por ejemplo, nuestro banco conocer\u00e1 sus datos si el pago de nuestros servicios se realiza mediante tarjeta o transferencia bancaria.<\/p>\n<p>Asimismo, tendr\u00e1n conocimiento de su informaci\u00f3n aquellas entidades p\u00fablicas o privadas a las cuales estemos obligados a facilitar sus datos personales con motivo del cumplimiento de alguna ley. Poni\u00e9ndole un ejemplo, la Ley Tributaria obliga a facilitar a la Agencia Tributaria determinada informaci\u00f3n sobre operaciones econ\u00f3micas que superen una determinada cantidad.<\/p>\n<p>En el caso de que, al margen de los supuestos comentados, necesitemos dar a conocer\u00a0 su informaci\u00f3n personal a otras entidades, le solicitaremos previamente su permiso a trav\u00e9s de opciones claras que le permitir\u00e1n decidir a este respecto.<\/p>\n<ul>\n<li><strong>\u00bfC\u00f3mo vamos a proteger sus datos?<\/strong><\/li>\n<\/ul>\n<p>Protegeremos sus datos con medidas de seguridad eficaces en funci\u00f3n de los riesgos que conlleve el uso de su informaci\u00f3n.<\/p>\n<p>Para ello, nuestra entidad ha aprobado una Pol\u00edtica de Protecci\u00f3n de Datos y se realizan controles y auditor\u00edas anuales para verificar que sus datos personales est\u00e1n seguros en todo momento.<\/p>\n<ul>\n<li><strong>\u00bfEnviaremos sus datos a otros pa\u00edses?<\/strong><\/li>\n<\/ul>\n<p>En el mundo hay pa\u00edses que son seguros para sus datos y otros que no lo son tanto. As\u00ed por ejemplo, la Uni\u00f3n Europea es un entorno seguro para sus datos. Nuestra pol\u00edtica es no enviar su informaci\u00f3n personal a ning\u00fan pa\u00eds que no sea seguro desde el punto de vista de la protecci\u00f3n de sus datos.<\/p>\n<p>En el caso de que, con motivo de prestarle el servicio, sea imprescindible enviar sus datos a un pa\u00eds que no sea tan seguro como Espa\u00f1a, siempre le solicitaremos previamente su permiso y aplicaremos medidas de seguridad eficaces que reduzcan los riesgos del env\u00edo de su informaci\u00f3n personal a otro pa\u00eds.<\/p>\n<ul>\n<li><strong>\u00bfDurante cu\u00e1nto tiempo vamos a conservar sus datos?<\/strong><\/li>\n<\/ul>\n<p>Conservaremos sus datos durante nuestra relaci\u00f3n y mientras nos obliguen las leyes. Una vez finalizados los plazos legales aplicables, procederemos a eliminarlos de forma segura y respetuosa con el medio ambiente.<\/p>\n<ul>\n<li><strong>\u00bfCu\u00e1les son sus derechos de protecci\u00f3n de datos?<\/strong><\/li>\n<\/ul>\n<p>En cualquier momento puede dirigirse a nosotros para saber qu\u00e9 informaci\u00f3n tenemos sobre usted, rectificarla si fuese incorrecta y eliminarla una vez finalizada nuestra relaci\u00f3n, en el caso de que ello sea legalmente posible.<\/p>\n<p>Tambi\u00e9n tiene derecho a solicitar el traspaso de su informaci\u00f3n a otra entidad. Este derecho se llama \u201cportabilidad\u201d y puede ser \u00fatil en determinadas situaciones.<\/p>\n<p>Para solicitar alguno de estos derechos, deber\u00e1 realizar una solicitud escrita a nuestra direcci\u00f3n, junto con una fotocopia de su DNI, para poder identificarle.<\/p>\n<p><span style=\"color: #000000;\">En la oficina de nuestra entidad disponemos de formularios espec\u00edficos para solicitar dichos derechos y le ofrecemos nuestra ayuda para su cumplimentaci\u00f3n.<\/span><\/p>\n<p>Para saber m\u00e1s sobre sus derechos de protecci\u00f3n de datos, puede consultar la \u00a0p\u00e1gina web de la Agencia Espa\u00f1ola de Protecci\u00f3n de Datos (www.agpd.es).<\/p>\n<ul>\n<li><strong>\u00bfPuede retirar su consentimiento si cambia de opini\u00f3n en un momento posterior?<\/strong><\/li>\n<\/ul>\n<p>Usted puede retirar su consentimiento si cambia de opini\u00f3n sobre el uso de sus datos en cualquier momento.<\/p>\n<p>As\u00ed por ejemplo, si usted en su d\u00eda estuvo interesado\/a en recibir publicidad de nuestros productos o servicios, pero ya no desea recibir m\u00e1s publicidad, puede hac\u00e9rnoslo constar<span style=\"color: #000000;\"> a trav\u00e9s del formulario de oposici\u00f3n al tratamiento disponible en la oficina de nuestra entidad.<\/span><\/p>\n<ul>\n<li><strong>En caso de que entienda que sus derechos han sido desatendidos, \u00bfd\u00f3nde puede formular una reclamaci\u00f3n?<\/strong><\/li>\n<\/ul>\n<p>En caso de que entienda que sus derechos han sido desatendidos por nuestra entidad, puede formular una reclamaci\u00f3n en la Agencia Espa\u00f1ola de Protecci\u00f3n de Datos, a trav\u00e9s de alguno de los medios siguientes:<\/p>\n<ul>\n<li>Sede electr\u00f3nica: www.agpd.es<\/li>\n<li>Direcci\u00f3n postal:<\/li>\n<\/ul>\n<p>Agencia Espa\u00f1ola de Protecci\u00f3n de Datos<br \/>\nC\/ Jorge Juan, 6<br \/>\n28001-Madrid<\/p>\n<ul>\n<li>V\u00eda telef\u00f3nica:<\/li>\n<\/ul>\n<p>Telf. 901 100 099<\/p>\n<p>Telf. 91 266 35 17<\/p>\n<p>Formular una reclamaci\u00f3n en la Agencia Espa\u00f1ola de Protecci\u00f3n de Datos no conlleva ning\u00fan coste y no es necesaria la asistencia de abogado ni procurador.<\/p>\n<ul>\n<li><strong>\u00bfElaboraremos perfiles sobre usted?<\/strong><\/li>\n<\/ul>\n<p>Nuestra pol\u00edtica es no elaborar perfiles sobre los usuarios de nuestros servicios.<\/p>\n<p>No obstante, pueden existir situaciones en las que, con fines de prestaci\u00f3n del servicio, comerciales o de otro tipo, necesitemos elaborar perfiles de informaci\u00f3n sobre usted. Un ejemplo pudiera ser la utilizaci\u00f3n de su historial de compras o servicios para poder ofrecerle productos o servicios adaptados a sus gustos o necesidades.<\/p>\n<p>En tal caso, aplicaremos medidas de seguridad eficaces que protejan su informaci\u00f3n en todo momento de personas no autorizadas.<span style=\"color: #ff6600;\"><strong>\u00a0<\/strong><\/span><\/p>\n<ul>\n<li><strong>\u00bfUsaremos sus datos para otros fines?<\/strong><\/li>\n<\/ul>\n<p>Nuestra pol\u00edtica es no usar sus datos para otras finalidades distintas a las que le hemos explicado. Si, no obstante, necesit\u00e1semos usar sus datos para actividades distintas, siempre le solicitaremos previamente su permiso a trav\u00e9s de opciones claras que le permitir\u00e1n decidir al respecto.<\/p>\n<\/div><\/div><\/div><div class=\"fusion-layout-column fusion_builder_column fusion-builder-column-1 fusion_builder_column_1_2 1_2 fusion-flex-column\" style=\"--awb-bg-size:cover;--awb-width-large:50%;--awb-margin-top-large:60px;--awb-spacing-right-large:3.84%;--awb-margin-bottom-large:20px;--awb-spacing-left-large:3.84%;--awb-width-medium:100%;--awb-order-medium:0;--awb-spacing-right-medium:1.92%;--awb-spacing-left-medium:1.92%;--awb-width-small:100%;--awb-order-small:0;--awb-spacing-right-small:1.92%;--awb-spacing-left-small:1.92%;\"><div class=\"fusion-column-wrapper fusion-column-has-shadow fusion-flex-justify-content-flex-start fusion-content-layout-column\"><div class=\"fusion-text fusion-text-2\"><p><strong>DATENSCHUTZPOLITIK<\/strong><\/p>\n<p><strong>\u201cIHRE DATEN SICHER\u201d<\/strong><\/p>\n<p>Informationen in \u00dcbereinstimmung mit den Datenschutzbestimmungen<\/p>\n<p>In Europa und Spanien gibt es Datenschutzbestimmungen zum Schutz Ihrer pers\u00f6nlichen Daten, die f\u00fcr unser Unternehmen obligatorisch sind.<\/p>\n<p>Daher ist es uns sehr wichtig, dass Sie vollst\u00e4ndig verstehen, was wir mit den von uns angeforderten personenbezogenen Daten tun werden.<\/p>\n<p>Auf diese Weise sind wir transparent und geben Ihnen die Kontrolle \u00fcber Ihre Daten in einer einfachen Sprache und klaren Optionen, die Ihnen erlauben dar\u00fcber zu entscheiden, was wir mit Ihren pers\u00f6nlichen Daten tun.<\/p>\n<p>Wenn Sie nach dem Lesen dieser Informationen noch etwas unklar sein, z\u00f6gern Sie bitte nicht, uns zu fragen.<\/p>\n<p>Vielen Dank f\u00fcr Ihre Mithilfe.<\/p>\n<ul>\n<li><strong>Wer sind wir<\/strong><strong>?<\/strong><\/li>\n<li>Unser Firmenname: <strong>FEWO HAFFNER, S.L.<\/strong><\/li>\n<li>Unsere Steuernummer: <strong>B76343870<\/strong><\/li>\n<li>Unsere prim\u00e4re Firmenaktivit\u00e4t:<strong> Touristische Vermietung.<\/strong><\/li>\n<li>Unsere Adresse: <strong>C\/ ROMA, N\u00ba16, 35100 SAN BARTOLOM\u00c9 DE TIRAJANA (Gran Canaria)<\/strong><\/li>\n<li>Unser Telefon zur Kontaktaufnahme: <strong>928 77 26 92<\/strong><\/li>\n<li>Unsere E-Mail zur Kontaktaufnahme: <strong>info@haffner.eu<\/strong><\/li>\n<li>Unsere Webseite: <strong>haffner.eu<\/strong><\/li>\n<li>Eingetragen im Handelsregister von Las Palmas, tomo 2215, folio 11, inscripci\u00f3n 1\u00aa, hoja GC-55460<\/li>\n<\/ul>\n<p>Wir stehen Ihnen zur Verf\u00fcgung, z\u00f6gern Sie nicht sich mit uns in Verbindung zu setzen.<\/p>\n<ul>\n<li><strong>F\u00fcr was werden wir Ihre Daten benutzen?<\/strong><\/li>\n<\/ul>\n<p>Im Allgemeinen werden Ihre personenbezogenen Daten verwendet, um mit Ihnen zu interagieren und Ihnen unsere Dienstleistungen bereitzustellen.<\/p>\n<p>Ebenso k\u00f6nnen sie auch f\u00fcr andere Aktivit\u00e4ten verwendet werden, z.B. um Ihnen Werbung zu senden oder unsere Aktivit\u00e4ten zu bewerben.<\/p>\n<ul>\n<li><strong>Warum m\u00fcssen wir Ihre Daten benutzen?<\/strong><\/li>\n<\/ul>\n<p>Ihre personenbezogenen Daten sind erforderlich, um mit Ihnen interagieren und Ihnen unsere Dienstleistungen anbieten zu k\u00f6nnen. In diesem Sinne stellen wir Ihnen eine Reihe von Feldern zur Verf\u00fcgung, die es Ihnen erm\u00f6glichen, auf klare und einfache Weise \u00fcber die Verwendung Ihrer personenbezogenen Daten zu entscheiden.<\/p>\n<ul>\n<li><strong>Wer bekommt Kenntnis von den Informationen, die wir von Ihnen anfordern?<\/strong><\/li>\n<\/ul>\n<p>Im Allgemeinen kann nur das ordnungsgem\u00e4\u00df autorisierte Personal unseres Unternehmens Kenntnis von den von uns angeforderten Informationen haben.<\/p>\n<p>Ebenso k\u00f6nnen Unternehmen Kenntnis von Ihren personenbezogenen Daten haben, die darauf zugreifen m\u00fcssen, damit wir unsere Dienstleistungen erbringen k\u00f6nnen. Unsere Bank z.B. kennt Ihre Daten, wenn die Zahlung f\u00fcr unsere Dienstleistungen per Karte oder Bank\u00fcberweisung erfolgt.<\/p>\n<p>Ebenso erhalten diejenigen \u00f6ffentlichen oder privaten Stellen von Ihren Daten Kenntnis, denen wir aufgrund gesetzlicher Vorschriften zur Bereitstellung Ihrer personenbezogenen Daten verpflichtet sind. Um Ihnen ein Beispiel zu geben: Das Steuergesetz verlangt von und, dass wir dem Finanzamt bestimmte Informationen \u00fcber wirtschaftliche Vorg\u00e4nge zu \u00fcbermitteln, die einen bestimmten Betrag \u00fcberschreiten.<\/p>\n<p>F\u00fcr den Fall, dass wir, abgesehen von den oben genannten F\u00e4llen, Ihre personenbezogenen Daten an andere Unternehmen weitergeben m\u00fcssen, werden wir im Voraus Ihre Zustimmung.<\/p>\n<ul>\n<li><strong>Wie sch\u00fctzen wir Ihre Daten?<\/strong><\/li>\n<\/ul>\n<p>Wir sch\u00fctzen Ihre Daten mit wirksamen Sicherheitsma\u00dfnahmen basierend auf den Risiken, die mit der Verwendung Ihrer Daten verbunden sind.<\/p>\n<p>Zu diesem Zweck hat unser Unternehmen eine Datenschutzrichtlinie genehmigt und es werden j\u00e4hrliche Kontrollen und Audits durchgef\u00fchrt, um sicherzustellen, dass Ihre personenbezogenen Daten jederzeit sicher sind.<\/p>\n<ul>\n<li><strong>\u00dcbermitteln wir Ihre Daten in andere L\u00e4nder?<\/strong><\/li>\n<\/ul>\n<p>Auf der Welt gibt es L\u00e4nder, die f\u00fcr Ihre Daten sicher sind und andere, in denen dies nicht der Fall ist. Beispielsweise ist die Europ\u00e4ische Union eine sichere Umgebung f\u00fcr Ihre Daten. Unsere Politik besteht darin, Ihre personenbezogenen Daten nicht in L\u00e4nder zu senden, die aus datenschutzrechtlicher Sicht nicht sicher sind.<\/p>\n<p>F\u00fcr den Fall, dass es f\u00fcr die Bereitstellung des Dienstes unerl\u00e4sslich ist, Ihre Daten in ein nicht so sicheres Land wie Spanien zu senden, werden wir immer Ihre Zustimmung im Voraus einholen und wirksame Sicherheitsma\u00dfnahmen ergreifen, um die Risiken einer \u00dcbersendung Ihrer personenbezogenen Daten in ein anderes Land zu verringern.<\/p>\n<ul>\n<li><strong>Wie lange speichern wir Ihre Daten?<\/strong><\/li>\n<\/ul>\n<p>Wir werden Ihre Daten w\u00e4hrend unserer Gesch\u00e4ftsbeziehung und solange dies gesetzlich vorgeschrieben ist aufbewahren. Nach Ablauf der geltenden gesetzlichen Fristen werden wir diese auf sichere und umweltfreundliche Weise entsorgen.<\/p>\n<ul>\n<li><strong>Welche sind Ihre Datenschutzrechte?<\/strong><\/li>\n<\/ul>\n<p>Sie k\u00f6nnen sich jederzeit an uns wenden, um zu erfahren, welche Informationen wir \u00fcber Sie haben, diese bei Unrichtigkeit berichtigen und nach Beendigung unserer Gesch\u00e4ftsbeziehung l\u00f6schen, sofern dies rechtlich m\u00f6glich ist.<\/p>\n<p>Sie haben auch das Recht, die \u00dcbertragung Ihrer Daten an ein anderes Unternehmen zu verlangen. Dieses Recht wird als \u201eDaten\u00fcbertragbarkeit\u201c bezeichnet und kann in bestimmten Situationen n\u00fctzlich sein.<\/p>\n<p>Um eines dieser Rechte zu beantragen, m\u00fcssen Sie eine schriftliche Anfrage an unsere Adresse stellen zusammen mit einer Fotokopie Ihres Personalausweises oder Reisepasses, um Sie zu identifizieren.<\/p>\n<p>Im B\u00fcro unseres Unternehmens haben wir spezielle Formulare, um diese Rechte zu beantragen, und wir bieten Ihnen unsere Hilfe an, sie auszuf\u00fcllen.<\/p>\n<p>Um mehr \u00fcber Ihre Datenschutzrechte zu erfahren, k\u00f6nnen Sie die Website der spanischen Datenschutzbeh\u00f6rde (www.agpd.es) besuchen.<\/p>\n<ul>\n<li><strong>K\u00f6nnen Sie Ihr Einverst\u00e4ndnis zur\u00fcckziehen, wenn sie in einem sp\u00e4teren Moment Ihre Meinung \u00e4ndern?<\/strong><\/li>\n<\/ul>\n<p>Sie k\u00f6nnen Ihre Einwilligung jederzeit widerrufen, wenn Sie Ihre Meinung zur Verwendung Ihrer Daten \u00e4ndern.<\/p>\n<p>Wenn Sie beispielsweise einmal daran interessiert waren, Werbung f\u00fcr unsere Produkte oder Dienstleistungen zu erhalten, nun aber keine weitere Werbung mehr erhalten m\u00f6chten, k\u00f6nnen Sie uns dies \u00fcber das in den B\u00fcros unseres Unternehmens erh\u00e4ltliche Widerspruchsformular mitteilen.<\/p>\n<ul>\n<li><strong>Im Falle, dass Sie der Meinung sind, dass Ihre Rechte nicht beachtet wurden: Wo kann ich eine Reklamation formulieren?<\/strong><\/li>\n<\/ul>\n<p>Falls Sie der Meinung sind, dass Ihre Rechte von unserem Unternehmen vernachl\u00e4ssigt wurden, k\u00f6nnen Sie auf eine der folgenden Weisen eine Beschwerde bei der spanischen Datenschutzbeh\u00f6rde einreichen:<\/p>\n<ul>\n<li>Internet: www.agpd.es<\/li>\n<li>Postadresse:<\/li>\n<\/ul>\n<p>Agencia Espa\u00f1ola de Protecci\u00f3n de Datos<br \/>\nC\/ Jorge Juan, 6<br \/>\n28001-Madrid<\/p>\n<ul>\n<li>Telefonisch:<\/li>\n<\/ul>\n<p>Telf. 901 100 099<\/p>\n<p>Telf. 91 266 35 17<\/p>\n<p>Die Einreichung einer Beschwerde bei der spanischen Datenschutzbeh\u00f6rde verursacht keine Kosten und die Unterst\u00fctzung durch einen Anwalt oder Prozessbevollm\u00e4chtigten ist nicht erforderlich.<\/p>\n<ul>\n<li><strong>Erstellen wir eine Profilierung (Profiling) \u00fcber Sie?<\/strong><\/li>\n<\/ul>\n<p>Unsere Politik ist es keine Profilierung \u00fcber unsere Nutzer unserer Dienstleistungen zu erstellen.<\/p>\n<p>Es kann jedoch Situationen geben, in denen wir zum Zwecke der kommerziellen oder anderweitigen Bereitstellung des Dienstes Profile mit Informationen \u00fcber Sie erstellen m\u00fcssen. Ein Beispiel k\u00f6nnte die Verwendung Ihrer Kauf- oder Servicehistorie sein, um Ihnen Produkte oder Dienstleistungen anbieten zu k\u00f6nnen, die Ihrem Geschmack oder Ihren Bed\u00fcrfnissen entsprechen.<\/p>\n<p>In diesem Fall werden wir wirksame Sicherheitsma\u00dfnahmen ergreifen, die Ihre Daten jederzeit vor unbefugten Personen sch\u00fctzen.<\/p>\n<ul>\n<li><strong>Nutzen wir Ihre Daten zu anderen Zwecken?<\/strong><\/li>\n<\/ul>\n<p>Unsere Richtlinie besteht darin, Ihre Daten nicht f\u00fcr andere Zwecke als die, die wir Ihnen erkl\u00e4rt haben, zu verwenden. Sollten wir Ihre Daten jedoch f\u00fcr andere Aktivit\u00e4ten ben\u00f6tigen, werden wir Ihre Einwilligung immer vorab durch klare Optionen einholen, die Ihnen eine diesbez\u00fcgliche Entscheidung erm\u00f6glichen.<\/p>\n<\/div><\/div><\/div><\/div><\/div>\n","protected":false},"excerpt":{"rendered":"","protected":false},"author":1,"featured_media":0,"parent":0,"menu_order":0,"comment_status":"closed","ping_status":"closed","template":"","meta":{"footnotes":""},"class_list":["post-2373","page","type-page","status-publish","hentry"],"yoast_head":"<!-- This site is optimized with the Yoast SEO plugin v27.4 - https:\/\/yoast.com\/product\/yoast-seo-wordpress\/ -->\n<title>Pol\u00edtica de privacidad-Datenschutzpolitik &#8902; Apartments Costa Rica auf Gran Canaria<\/title>\n<meta name=\"robots\" content=\"index, follow, max-snippet:-1, max-image-preview:large, max-video-preview:-1\" \/>\n<link rel=\"canonical\" href=\"https:\/\/haffner.eu\/index.php\/politica-de-privacidad-datenschutzpolitik\/\" \/>\n<meta property=\"og:locale\" content=\"de_DE\" \/>\n<meta property=\"og:type\" content=\"article\" \/>\n<meta property=\"og:title\" content=\"Pol\u00edtica de privacidad-Datenschutzpolitik &#8902; Apartments Costa Rica auf Gran Canaria\" \/>\n<meta property=\"og:url\" content=\"https:\/\/haffner.eu\/index.php\/politica-de-privacidad-datenschutzpolitik\/\" \/>\n<meta property=\"og:site_name\" content=\"Apartments Costa Rica auf Gran Canaria\" \/>\n<meta property=\"article:modified_time\" content=\"2022-02-02T16:31:32+00:00\" \/>\n<meta name=\"twitter:card\" content=\"summary_large_image\" \/>\n<meta name=\"twitter:label1\" content=\"Gesch\u00e4tzte Lesezeit\" \/>\n\t<meta name=\"twitter:data1\" content=\"11\u00a0Minuten\" \/>\n<script type=\"application\/ld+json\" class=\"yoast-schema-graph\">{\"@context\":\"https:\\\/\\\/schema.org\",\"@graph\":[{\"@type\":\"WebPage\",\"@id\":\"https:\\\/\\\/haffner.eu\\\/index.php\\\/politica-de-privacidad-datenschutzpolitik\\\/\",\"url\":\"https:\\\/\\\/haffner.eu\\\/index.php\\\/politica-de-privacidad-datenschutzpolitik\\\/\",\"name\":\"Pol\u00edtica de privacidad-Datenschutzpolitik &#8902; Apartments Costa Rica auf Gran Canaria\",\"isPartOf\":{\"@id\":\"https:\\\/\\\/haffner.eu\\\/#website\"},\"datePublished\":\"2021-05-27T18:15:41+00:00\",\"dateModified\":\"2022-02-02T16:31:32+00:00\",\"breadcrumb\":{\"@id\":\"https:\\\/\\\/haffner.eu\\\/index.php\\\/politica-de-privacidad-datenschutzpolitik\\\/#breadcrumb\"},\"inLanguage\":\"de\",\"potentialAction\":[{\"@type\":\"ReadAction\",\"target\":[\"https:\\\/\\\/haffner.eu\\\/index.php\\\/politica-de-privacidad-datenschutzpolitik\\\/\"]}]},{\"@type\":\"BreadcrumbList\",\"@id\":\"https:\\\/\\\/haffner.eu\\\/index.php\\\/politica-de-privacidad-datenschutzpolitik\\\/#breadcrumb\",\"itemListElement\":[{\"@type\":\"ListItem\",\"position\":1,\"name\":\"Startseite\",\"item\":\"https:\\\/\\\/haffner.eu\\\/\"},{\"@type\":\"ListItem\",\"position\":2,\"name\":\"Pol\u00edtica de privacidad-Datenschutzpolitik\"}]},{\"@type\":\"WebSite\",\"@id\":\"https:\\\/\\\/haffner.eu\\\/#website\",\"url\":\"https:\\\/\\\/haffner.eu\\\/\",\"name\":\"Apartments Costa Rica auf Gran Canaria\",\"description\":\"\",\"potentialAction\":[{\"@type\":\"SearchAction\",\"target\":{\"@type\":\"EntryPoint\",\"urlTemplate\":\"https:\\\/\\\/haffner.eu\\\/?s={search_term_string}\"},\"query-input\":{\"@type\":\"PropertyValueSpecification\",\"valueRequired\":true,\"valueName\":\"search_term_string\"}}],\"inLanguage\":\"de\"}]}<\/script>\n<!-- \/ Yoast SEO plugin. -->","yoast_head_json":{"title":"Pol\u00edtica de privacidad-Datenschutzpolitik &#8902; Apartments Costa Rica auf Gran Canaria","robots":{"index":"index","follow":"follow","max-snippet":"max-snippet:-1","max-image-preview":"max-image-preview:large","max-video-preview":"max-video-preview:-1"},"canonical":"https:\/\/haffner.eu\/index.php\/politica-de-privacidad-datenschutzpolitik\/","og_locale":"de_DE","og_type":"article","og_title":"Pol\u00edtica de privacidad-Datenschutzpolitik &#8902; Apartments Costa Rica auf Gran Canaria","og_url":"https:\/\/haffner.eu\/index.php\/politica-de-privacidad-datenschutzpolitik\/","og_site_name":"Apartments Costa Rica auf Gran Canaria","article_modified_time":"2022-02-02T16:31:32+00:00","twitter_card":"summary_large_image","twitter_misc":{"Gesch\u00e4tzte Lesezeit":"11\u00a0Minuten"},"schema":{"@context":"https:\/\/schema.org","@graph":[{"@type":"WebPage","@id":"https:\/\/haffner.eu\/index.php\/politica-de-privacidad-datenschutzpolitik\/","url":"https:\/\/haffner.eu\/index.php\/politica-de-privacidad-datenschutzpolitik\/","name":"Pol\u00edtica de privacidad-Datenschutzpolitik &#8902; Apartments Costa Rica auf Gran Canaria","isPartOf":{"@id":"https:\/\/haffner.eu\/#website"},"datePublished":"2021-05-27T18:15:41+00:00","dateModified":"2022-02-02T16:31:32+00:00","breadcrumb":{"@id":"https:\/\/haffner.eu\/index.php\/politica-de-privacidad-datenschutzpolitik\/#breadcrumb"},"inLanguage":"de","potentialAction":[{"@type":"ReadAction","target":["https:\/\/haffner.eu\/index.php\/politica-de-privacidad-datenschutzpolitik\/"]}]},{"@type":"BreadcrumbList","@id":"https:\/\/haffner.eu\/index.php\/politica-de-privacidad-datenschutzpolitik\/#breadcrumb","itemListElement":[{"@type":"ListItem","position":1,"name":"Startseite","item":"https:\/\/haffner.eu\/"},{"@type":"ListItem","position":2,"name":"Pol\u00edtica de privacidad-Datenschutzpolitik"}]},{"@type":"WebSite","@id":"https:\/\/haffner.eu\/#website","url":"https:\/\/haffner.eu\/","name":"Apartments Costa Rica auf Gran Canaria","description":"","potentialAction":[{"@type":"SearchAction","target":{"@type":"EntryPoint","urlTemplate":"https:\/\/haffner.eu\/?s={search_term_string}"},"query-input":{"@type":"PropertyValueSpecification","valueRequired":true,"valueName":"search_term_string"}}],"inLanguage":"de"}]}},"jetpack_shortlink":"https:\/\/wp.me\/Pdr8Uo-Ch","jetpack_sharing_enabled":true,"_links":{"self":[{"href":"https:\/\/haffner.eu\/index.php\/wp-json\/wp\/v2\/pages\/2373","targetHints":{"allow":["GET"]}}],"collection":[{"href":"https:\/\/haffner.eu\/index.php\/wp-json\/wp\/v2\/pages"}],"about":[{"href":"https:\/\/haffner.eu\/index.php\/wp-json\/wp\/v2\/types\/page"}],"author":[{"embeddable":true,"href":"https:\/\/haffner.eu\/index.php\/wp-json\/wp\/v2\/users\/1"}],"replies":[{"embeddable":true,"href":"https:\/\/haffner.eu\/index.php\/wp-json\/wp\/v2\/comments?post=2373"}],"version-history":[{"count":17,"href":"https:\/\/haffner.eu\/index.php\/wp-json\/wp\/v2\/pages\/2373\/revisions"}],"predecessor-version":[{"id":3050,"href":"https:\/\/haffner.eu\/index.php\/wp-json\/wp\/v2\/pages\/2373\/revisions\/3050"}],"wp:attachment":[{"href":"https:\/\/haffner.eu\/index.php\/wp-json\/wp\/v2\/media?parent=2373"}],"curies":[{"name":"wp","href":"https:\/\/api.w.org\/{rel}","templated":true}]}}